{"id":1535,"date":"2012-12-23T12:36:52","date_gmt":"2012-12-23T12:36:52","guid":{"rendered":"http:\/\/lllearning.free-h.net\/GRAF\/?page_id=1535"},"modified":"2012-12-23T12:36:52","modified_gmt":"2012-12-23T12:36:52","slug":"autres","status":"publish","type":"page","link":"https:\/\/cis-h.fr\/AGRAF\/6-index-des-rencontres\/autres\/","title":{"rendered":"Autres"},"content":{"rendered":"<p><span style=\"font-size: x-large;\"><strong>Autres       manifestations<\/strong><\/span><\/p>\n<ul>\n<li>\n<h4>Jeudi de l&rsquo;Afref du 17 mars 2016 &#8211; \u00abL\u2019autodidacte\u00bb et \u00abl\u2019organisation apprenante\u00bb, une rencontre improbable ?<br \/>\n<a href=\"http:\/\/lllearning.free-h.net\/GRAF\/?p=1960\">http:\/\/lllearning.free-h.net\/GRAF\/?p=1960<\/a><\/h4>\n<\/li>\n<li>\n<h4>AG de L&rsquo;Universit\u00e9 Coop\u00e9rative de Paris :\u00a0\u00a0<a href=\"http:\/\/www.ucp-paris.com\/\" target=\"_blank\" rel=\"noopener\">http:\/\/www.ucp-paris.com\/, 5 mars 2016<\/a><\/h4>\n<\/li>\n<\/ul>\n<ul>\n<li>\n<h4><a name=\"-1045071679_1\" href=\"http:\/\/feedproxy.google.com\/%7Er\/MareNostrum\/%7E3\/rAdPcCpZ_OQ\/depart-imminent-pour-la-terre-de-feu.html?utm_source=feedburner&amp;utm_medium=email\" target=\"_blank\" rel=\"noopener\">Quatre \u00e9l\u00e9ments, quatre routes de cyclo-\u00e9co-formation, <\/a>10 Mars 2016<\/h4>\n<\/li>\n<\/ul>\n<p style=\"padding-left: 30px;\">Ce  site  rassemble les recherches sur l&rsquo;\u00e9coformation \u00e0 partir des quatre   \u00e9l\u00e9ments et \u00e0 partir de quatre routes \u00e0 v\u00e9lo (cycloformation).<\/p>\n<p style=\"padding-left: 30px;\">Les   quatre \u00e9l\u00e9ments (air, eau, terre, feu) ont \u00e9t\u00e9 explor\u00e9s depuis 1992 par   un groupe de recherche sur l&rsquo;\u00e9coformation (GREF). Ces recherches ont   donn\u00e9 lieu aux quatre productions ci-dessous: <em><a href=\"http:\/\/www.editions-harmattan.fr\/index.asp?navig=catalogue&amp;obj=livre&amp;no=46470\" target=\"_blank\" rel=\"noopener\">Le Feu v\u00e9cu<\/a>, <a href=\"http:\/\/www.editions-harmattan.fr\/index.asp?navig=catalogue&amp;obj=livre&amp;no=47651\" target=\"_blank\" rel=\"noopener\">De l&rsquo;air!<\/a>, <a href=\"http:\/\/www.editions-harmattan.fr\/index.asp?navig=catalogue&amp;obj=livre&amp;no=19030\" target=\"_blank\" rel=\"noopener\">Habiter la Terre<\/a>, <a href=\"http:\/\/www.editions-harmattan.fr\/index.asp?navig=catalogue&amp;obj=livre&amp;no=6340\" target=\"_blank\" rel=\"noopener\">Les Eaux \u00e9coformatrices<\/a>.<\/em><\/p>\n<div style=\"padding-left: 30px;\"><a href=\"https:\/\/4.bp.blogspot.com\/-wxohr90B-Gk\/VuIraZ5NJDI\/AAAAAAAAS4I\/8XOz_1dMopgwVkcWxKmmQ2_jZzHDV8pfw\/s1600\/ecoformation.png\" target=\"_blank\" rel=\"noopener\"><img loading=\"lazy\" decoding=\"async\" src=\"https:\/\/4.bp.blogspot.com\/-wxohr90B-Gk\/VuIraZ5NJDI\/AAAAAAAAS4I\/8XOz_1dMopgwVkcWxKmmQ2_jZzHDV8pfw\/s640\/ecoformation.png\" border=\"0\" alt=\"\" width=\"640\" height=\"244\" \/><\/a><\/div>\n<p style=\"padding-left: 30px;\">Les quatre routes sont les suivantes:<\/p>\n<p style=\"padding-left: 30px;\">Pour 2012:\u00a0<a href=\"http:\/\/www.lexpedition.fr\/iti\/xT4K6Jqk6yGohAw\" target=\"_blank\" rel=\"noopener\">Route du feu \/ V\u00e9suve-Etna.<\/a><\/p>\n<p style=\"padding-left: 30px;\">Pour 2013:\u00a0<a href=\"http:\/\/www.geonef.fr\/iti\/iti\/xUuf6PuSVGfk7AAAw\" target=\"_blank\" rel=\"noopener\">Route de l&rsquo;amiti\u00e9 Tours-Bordeaux.<\/a><\/p>\n<p style=\"padding-left: 30px;\">Pour 2014:\u00a0<a href=\"http:\/\/routedepologne.blogspot.ca\/2014\/11\/route-des-fours-crematoires-auschwitz.html\" target=\"_blank\" rel=\"noopener\">Route de Pologne.<\/a><\/p>\n<p style=\"padding-left: 30px;\">Pour 2015: Route de la Tierra del Fuego (ci-dessous)<\/p>\n<table cellspacing=\"0\" cellpadding=\"0\" align=\"center\">\n<tbody>\n<tr>\n<td><a href=\"https:\/\/2.bp.blogspot.com\/-vvDnEkcnCzQ\/VpqWaSkIwqI\/AAAAAAAAS3E\/YkRl6jfmqxQWICUI7ri8IME_t-OwlmFeA\/s1600\/IMG_2527.jpg\" target=\"_blank\" rel=\"noopener\"><img loading=\"lazy\" decoding=\"async\" src=\"https:\/\/2.bp.blogspot.com\/-vvDnEkcnCzQ\/VpqWaSkIwqI\/AAAAAAAAS3E\/YkRl6jfmqxQWICUI7ri8IME_t-OwlmFeA\/s400\/IMG_2527.jpg\" border=\"0\" alt=\"\" width=\"400\" height=\"300\" \/><\/a><\/td>\n<\/tr>\n<tr>\n<td>Les cyclistes et l&rsquo;\u00e9quipe technique: Bernard Heneman, Yann Pineau,<br \/>\nGaston Pineau, Michel Maletto et Fran\u00e7oise Deroy-Pineau. Absent: G\u00e9rard Gigand.<\/td>\n<\/tr>\n<\/tbody>\n<\/table>\n<ul>\n<li>Universit\u00e9 Coop\u00e9rative de Paris en mars 2016\n<ul>\n<li>&#8211; Le 12\u00a0: <a href=\"http:\/\/www.ucp-paris.com\/conte-et-deacutecontamination.html\" target=\"_blank\" rel=\"noopener\">Conte et&#8230; d\u00e9contamination<\/a> de 14h \u00e0 17h30\u00a0au <a href=\"http:\/\/www.ucp-paris.com\/centre-danimation-poterne-des-peupliers.html\" target=\"_blank\" rel=\"noopener\">centre d&rsquo;animation Poterne des Peupliers<\/a>.<\/li>\n<li>&#8211; Le 12 : <a href=\"http:\/\/www.ucp-paris.com\/questions-de-culture-numeacuterique.html\" target=\"_blank\" rel=\"noopener\">Soins et sant\u00e9 : Quand Internet et les m\u00e9dias viennent \u00e0 notre\u00a0secours<\/a> de 14h \u00e0 16h \u00e0 la <a href=\"http:\/\/www.ucp-paris.com\/citeacute-de-la-santeacute.html\" target=\"_blank\" rel=\"noopener\">Cit\u00e9 de la Sant\u00e9<\/a>.<span style=\"font-size: x-small;\"> <\/span><\/li>\n<li><span style=\"font-size: x-small;\">&#8211;<\/span> Le 19\u00a0: <a href=\"http:\/\/www.ucp-paris.com\/auto-ecoformation.html\" target=\"_blank\" rel=\"noopener\">Auto-\u00e9coformation : entre \u00e9cologie politique et sagesses du monde<\/a> de 14h \u00e0 18h au <a href=\"http:\/\/www.ucp-paris.com\/suzanne-masson.html\" target=\"_blank\" rel=\"noopener\">Centre Suzanne Masson<\/a>.<\/li>\n<\/ul>\n<\/li>\n<li><span style=\"font-size: medium;\">Le 22 juin 2011: <a href=\"http:\/\/www.education-permanente.fr\/public\/manifestations\/view.php?no_manifestation=19\" target=\"_blank\" rel=\"noopener\">Rencontres       interculturelles et formation<\/a><\/span>, le CNAM Paris, journ\u00e9e de       r\u00e9flexion et de d\u00e9bats autour du n\u00b0186 de la revue \u00c9ducation       Permanente<\/li>\n<li>Le 16 juin 2011, 2e journ\u00e9e d&rsquo;\u00e9tudes pour jeunes chercheurs : <em>Apprendre       les langues avec le num\u00e9rique<\/em>, Universit\u00e9 Lille 3 &#8211; <a href=\"http:\/\/atena-l.blogspot.com\/\" target=\"_blank\" rel=\"noopener\">ATENA<\/a><\/li>\n<li><span style=\"font-size: medium;\"><strong><a href=\"http:\/\/lllearning.free-h.net\/?p=1040\">Le 30 mars 2011<\/a> : le projet Leadlab<\/strong><\/span> dans le cadre du programme Gruntdvig sur la personnalisation de la formation en Europe.       <a href=\"http:\/\/leadlab.euproject.org\/\" target=\"_blank\" rel=\"noopener\">http:\/\/leadlab.euproject.org\/ <\/a><br \/>\nUn s\u00e9minaire europ\u00e9en ouvert \u00e0 tous aura lieu au CNAM \u00e0 Paris.<br \/>\nUne pr\u00e9sentation du livre \u00ab L&rsquo;autoformation: Perspectives de recherche \u00bb  dirig\u00e9 par Andr\u00e9 Moisan, Philippe Carr\u00e9 et Daniel Poisson cl\u00f4turera  cette journ\u00e9e.<\/li>\n<li><strong><span style=\"font-size: medium;\">Le       8\u00e8me colloque europ\u00e9en de l&rsquo;autoformation sur la cit\u00e9 apprenante<\/span><\/strong> (en cours de reprogrammation)<\/li>\n<li><strong><span style=\"font-size: medium;\">Colloque EPAL 4-6 juin 2009, Grenoble<\/span><\/strong><span style=\"font-size: x-small;\"><br \/>\nEchanger pour apprendre en ligne : conception, instrumentation,       interactions, multimodalit\u00e9<br \/>\n<a href=\"http:\/\/w3.u-grenoble3.fr\/epal\/\" target=\"_blank\" rel=\"noopener\">http:\/\/w3.u-grenoble3.fr\/epal\/<\/a> <\/span><\/li>\n<li><a href=\"http:\/\/refad.ca\/colloque_2009.html\">Colloque du REFAD \u2013       Printemps 2009 Apprentissage et encadrement dans les environnements m\u00e9diatis\u00e9s<\/a><br \/>\nC&rsquo;est sur le Campus de Shippagan de l&rsquo;Universit\u00e9 de Moncton que se       tiendra le colloque du R\u00e9seau d&rsquo;enseignement francophone \u00e0 distance       (REFAD) le vendredi 22 mai 2009. Nous vous invitons \u00e0 visiter le nouveau       site Web de ce colloque en pr\u00e9sentiel et en direct sur Internet organis\u00e9       par le REFAD (<a href=\"http:\/\/www.refad.ca\">www.refad.ca<\/a>) en       collaboration avec le Campus de Shippagan de l&rsquo;Universit\u00e9 de Moncton. Une       journ\u00e9e pr\u00e9-colloque sera \u00e9galement tenue au m\u00eame endroit le jeudi 21       mai par la Direction g\u00e9n\u00e9rale de l&rsquo;\u00e9ducation permanente de l&rsquo;Universit\u00e9       de Moncton.<\/li>\n<li><strong><span style=\"font-size: medium;\">Colloque       international <\/span><span style=\"color: #000080; font-size: small;\">\u00ab <a href=\"http:\/\/lllearning.free-h.net\/A-GRAF\/Textes\/plaquette%20colloque%20master%202%20SIFA.pdf\">L\u2019ARCHIPEL       DE L\u2019INGENIERIE DE FORMATION<\/a> \u00bb, 20 ans du master SIFA<br \/>\nUniversit\u00e9 Rennes 2, 22 janvier 2009<br \/>\n<\/span><\/strong><span style=\"font-size: small;\">\u00b7 Quelles transformations depuis 20 ans ?<\/span><span style=\"font-size: small;\">\u00b7       Quelles r\u00e9alit\u00e9s professionnelles,<\/span>&nbsp;<\/p>\n<p><span style=\"font-size: small;\">\u00b7       Pour quelles perspectives de formation ?<\/span><\/li>\n<\/ul>\n","protected":false},"excerpt":{"rendered":"<p>Autres manifestations<\/p>\n<p> Jeudi de l&rsquo;Afref du 17 mars 2016 &#8211; \u00abL\u2019autodidacte\u00bb et \u00abl\u2019organisation apprenante\u00bb, une rencontre improbable ? http:\/\/lllearning.free-h.net\/GRAF\/?p=1960 AG de L&rsquo;Universit\u00e9 Coop\u00e9rative de Paris : http:\/\/www.ucp-paris.com\/, 5 mars 2016 Quatre \u00e9l\u00e9ments, quatre routes de cyclo-\u00e9co-formation, 10 Mars 2016 <\/p>\n<p style=\"padding-left: 30px;\">Ce site rassemble les recherches sur l&rsquo;\u00e9coformation \u00e0 partir des quatre \u00e9l\u00e9ments et \u00e0 [&#8230;]<\/p>\n","protected":false},"author":2,"featured_media":0,"parent":1483,"menu_order":2,"comment_status":"open","ping_status":"open","template":"","meta":{"footnotes":""},"class_list":["post-1535","page","type-page","status-publish","hentry","odd"],"_links":{"self":[{"href":"https:\/\/cis-h.fr\/AGRAF\/wp-json\/wp\/v2\/pages\/1535","targetHints":{"allow":["GET"]}}],"collection":[{"href":"https:\/\/cis-h.fr\/AGRAF\/wp-json\/wp\/v2\/pages"}],"about":[{"href":"https:\/\/cis-h.fr\/AGRAF\/wp-json\/wp\/v2\/types\/page"}],"author":[{"embeddable":true,"href":"https:\/\/cis-h.fr\/AGRAF\/wp-json\/wp\/v2\/users\/2"}],"replies":[{"embeddable":true,"href":"https:\/\/cis-h.fr\/AGRAF\/wp-json\/wp\/v2\/comments?post=1535"}],"version-history":[{"count":0,"href":"https:\/\/cis-h.fr\/AGRAF\/wp-json\/wp\/v2\/pages\/1535\/revisions"}],"up":[{"embeddable":true,"href":"https:\/\/cis-h.fr\/AGRAF\/wp-json\/wp\/v2\/pages\/1483"}],"wp:attachment":[{"href":"https:\/\/cis-h.fr\/AGRAF\/wp-json\/wp\/v2\/media?parent=1535"}],"curies":[{"name":"wp","href":"https:\/\/api.w.org\/{rel}","templated":true}]}}