{"id":721,"date":"2011-07-07T07:50:45","date_gmt":"2011-07-07T06:50:45","guid":{"rendered":"http:\/\/revue.autoformation.chez.com\/?page_id=721"},"modified":"2025-11-13T12:12:52","modified_gmt":"2025-11-13T11:12:52","slug":"accueil","status":"publish","type":"page","link":"https:\/\/cis-h.fr\/AGRAF\/","title":{"rendered":"Accueil"},"content":{"rendered":"\n<p class=\"has-text-align-right\"><span style=\"color: #ff0000;\">(L&rsquo;ancien&nbsp; <a href=\"http:\/\/cis-h.fr\/A-GRAF\/index.htm\" target=\"_blank\" rel=\"noopener\">Site de l&rsquo;A-Graf<\/a><a href=\"http:\/\/www.lllearning.free-h.net\/A-GRAF\/\" target=\"_blank\" rel=\"noopener\">)<\/a><\/span><\/p>\n\n\n\n<blockquote class=\"wp-block-quote is-layout-flow wp-block-quote-is-layout-flow\">\n<h4 class=\"wp-block-heading\"><strong>Le monde de l&rsquo;autoformation<\/strong><\/h4>\n\n\n\n<h3 class=\"wp-block-heading\">&#8230; une <a href=\"http:\/\/lllearning.free-h.net\/A-GRAF\/index.htm#un\" target=\"_blank\" rel=\"noopener\">histoire<\/a> &#8230; des pratiques<br>\n&#8230; des recherches &#8230; de l&rsquo;actualit\u00e9<\/h3>\n<\/blockquote>\n\n\n\n<p class=\"has-text-align-left\">L\u2019autoformation est \u00e0 la mesure de la ma\u00eetrise que nous exer\u00e7ons sur notre propre formation. C\u2019est un des faits majeurs de nos soci\u00e9t\u00e9s contemporaines o\u00f9 la connaissance devient un enjeu central. L\u2019autoformation est connaissance de soi, par soi, avec et par les autres, avec et par l\u2019environnement. Elle repr\u00e9sente une r\u00e9alit\u00e9 souterraine et souvent masqu\u00e9e des processus d\u2019apprentissage \u00e0 l\u2019\u0153uvre dans la vie personnelle, sociale, professionnelle, ainsi que dans les dispositifs de formation.<\/p>\n\n\n\n<p class=\"has-text-align-left\">L&rsquo;autoformation, c\u2019est aussi un objet de recherche \u00e9tudi\u00e9 tant par des praticiens que des chercheurs depuis plusieurs dizaines d\u2019ann\u00e9es.<\/p>\n\n\n\n<hr class=\"wp-block-separator has-alpha-channel-opacity\"\/>\n\n\n\n<ul class=\"wp-block-list\">\n<li>Par curiosit\u00e9 et int\u00e9r\u00eat personnel<\/li>\n\n\n\n<li>Pour am\u00e9liorer vos pratiques et projets personnels et professionnels<\/li>\n\n\n\n<li>Pour nourrir vos recherches<\/li>\n\n\n\n<li>Pour contribuer \u00e0 la reconnaissance et \u00e0 la diffusion de l\u2019autoformation<\/li>\n<\/ul>\n\n\n<div class=\"wp-block-image\">\n<figure class=\"alignleft\"><a href=\"http:\/\/revue.autoformation.chez.com\/wp-content\/uploads\/1391934_42089515_13301532.jpg\"><img decoding=\"async\" src=\"http:\/\/cis-h.fr\/AGRAF\/wp-content\/uploads\/2024\/01\/1391934_42089515_13301532.jpg\" alt=\"\" class=\"wp-image-609\" title=\"1391934_42089515_13301532\"\/><\/a><\/figure>\n<\/div>\n\n\n<p><strong>Vous <\/strong><strong>pouvez, sur ce site<\/strong><\/p>\n\n\n\n<ul class=\"wp-block-list\">\n<li>Acc\u00e9der \u00e0 des informations sur l\u2019autoformation,&nbsp; son histoire, ses concepts,<\/li>\n\n\n\n<li>\u00catre inform\u00e9 sur les activit\u00e9s du Groupe de recherche sur l\u2019autoformation et y participer<\/li>\n\n\n\n<li>Poser des questions, d\u00e9battre, tisser des partenariats<\/li>\n<\/ul>\n\n\n\n<hr class=\"wp-block-separator has-alpha-channel-opacity\"\/>\n\n\n\n<blockquote class=\"wp-block-quote is-layout-flow wp-block-quote-is-layout-flow\">\n<p class=\"has-text-align-center\">Sortie d&rsquo;un nouvel ouvrage d<strong>e Gaston PINEAU <br><em><a href=\"https:\/\/www.editions-harmattan.fr\/catalogue\/livre\/apprendre-a-exister-avec-les-rythmes-de-la-vie\/79482\">Apprendre \u00e0 exister avec les rythmes de la vie. Jalons conceptuels et m\u00e9thodologiques en formation<\/a><\/em>, <\/strong>Paris, L&rsquo;Harmattan, 2025.<\/p>\n\n\n\n<p>Quel beau voyage que Gaston nous offre avec ce livre. Revisiter les travaux qui mettent en valeur l&rsquo;apport des histoires de vie souligne \u00e0 quel point il est difficile de s&rsquo;extraire du mod\u00e8le de l&rsquo;h\u00e9t\u00e9roformation institutionnalis\u00e9e. Son apport est d&rsquo;autant plus important que le courant dominant est d&rsquo;asservir la formation professionnelle continue \u00e0 la recherche d&rsquo;efficacit\u00e9 d&rsquo;un point de vue \u00e9conomique : \u00eatre form\u00e9 aux technologies pour mieux les utiliser dans sa profession est une finalit\u00e9 bien limit\u00e9e ! Mais son histoire de vie professionnelle montre qu&rsquo;il n&rsquo;est pas impossible d&rsquo;\u00e9largir le mod\u00e8le h\u00e9g\u00e9monique de l&rsquo;enseignement\u00a0institutionnel par le biais de l&rsquo;alternance pour aller vers une intrication auto\/h\u00e9t\u00e9roformation.<\/p>\n\n\n\n<p>Au-del\u00e0 du transfert de connaissance, Gaston montre l&rsquo;importance de la temporalit\u00e9 et des contextes pour que celui qui apprend produise du savoir au travers de ses exp\u00e9riences afin d&rsquo;\u00eatre en mesure d&rsquo;agir avec une certaine autonomie. Apprendre \u00e0 exister\u00a0est autrement plus ambitieux qu&rsquo;apprendre \u00e0 survivre !<\/p>\n\n\n\n<p>Cela s&rsquo;inscrit dans une double triangulation :&nbsp;<strong>espace<\/strong>&nbsp;(les multiples contextes g\u00e9ographiques, culturels, politiques, \u00e9conomiques, technologiques)\/&nbsp;<strong>processus<\/strong>&nbsp;de subjectivation (<em>soi\/les autres\/les objets<\/em>)\/<strong>temps&nbsp;<\/strong>(les multiples temporalit\u00e9s cosmiques, terrestres, sp\u00e9cistes, humaines, sociales). La finalit\u00e9 \u00e9tant de faire avec les contraintes qui p\u00e8sent sur notre cheminement vers plus d&rsquo;autonomie pour vivre plut\u00f4t que simplement survivre en d\u00e9passant les conflits engendr\u00e9s par la comp\u00e9tition et le d\u00e9sir mim\u00e9tique (imiter ce que l&rsquo;autre d\u00e9sir).<\/p>\n\n\n\n<p class=\"has-text-align-right\">Pierre Landry<\/p>\n<\/blockquote>\n\n\n\n<hr class=\"wp-block-separator has-alpha-channel-opacity\"\/>\n\n\n\n<blockquote class=\"wp-block-quote is-layout-flow wp-block-quote-is-layout-flow\">\n<p class=\"has-medium-font-size\"><strong>BALAYN LELONG Magali<\/strong>, <em><a href=\"https:\/\/www.editions-harmattan.fr\/catalogue\/livre\/l-experience-d-emancipation-en-formation\/76661\">L\u2019exp\u00e9rience d\u2019\u00e9mancipation en formation. Parcours d\u2019autoformation existentielle<\/a><\/em>, L&rsquo;Harmattan, 2024<\/p>\n<\/blockquote>\n\n\n\n<hr class=\"wp-block-separator has-alpha-channel-opacity\"\/>\n\n\n\n<blockquote class=\"wp-block-quote is-layout-flow wp-block-quote-is-layout-flow\">\n<h3 class=\"wp-block-heading has-medium-font-size\">COTTIER Jean-Bernard, <strong><a href=\"https:\/\/www.librairie-gallimard.com\/livre\/9782842762889-soin-et-autoformation-comment-conserver-un-pouvoir-d-agir-valoriser-l-apprentissage-experientiel-jean-bernard-cottier\/\"><em>Soin et autoformation<\/em><\/a><\/strong><em><a href=\"https:\/\/www.librairie-gallimard.com\/livre\/9782842762889-soin-et-autoformation-comment-conserver-un-pouvoir-d-agir-valoriser-l-apprentissage-experientiel-jean-bernard-cottier\/\">. <strong>Comment conserver un pouvoir d\u2019agir <\/strong><\/a><\/em><strong><a href=\"https:\/\/www.librairie-gallimard.com\/livre\/9782842762889-soin-et-autoformation-comment-conserver-un-pouvoir-d-agir-valoriser-l-apprentissage-experientiel-jean-bernard-cottier\/\">? <em>Valoriser l\u2019apprentissage exp\u00e9rientiel des soignants<\/em><\/a><\/strong><em>, <\/em><strong>Paris, Seli Arslan, 2023, 176 p<\/strong>.<br><strong>Vous trouverez ci-dessous une recension de cet ouvrage par Gaston Pineau :<\/strong><\/h3>\n\n\n\n<div class=\"wp-block-file\"><a id=\"wp-block-file--media-5f2672d0-afa6-4d06-bc30-a51fb81925e0\" href=\"https:\/\/cis-h.fr\/AGRAF\/wp-content\/uploads\/2024\/09\/Cottier-J-2.pdf\"><strong>Cottier Jean-Bernard<\/strong><\/a><a href=\"https:\/\/cis-h.fr\/AGRAF\/wp-content\/uploads\/2024\/09\/Cottier-J-2.pdf\" class=\"wp-block-file__button wp-element-button\" download aria-describedby=\"wp-block-file--media-5f2672d0-afa6-4d06-bc30-a51fb81925e0\">T\u00e9l\u00e9charger<\/a><\/div>\n\n\n\n<hr class=\"wp-block-separator has-alpha-channel-opacity\"\/>\n\n\n\n<p class=\"has-text-align-left has-medium-font-size\"><strong>PINEAU  Gaston<\/strong>, <strong> <em><a href=\"https:\/\/www.editions-harmattan.fr\/catalogue\/livre\/apprendre-un-quotidien-d-8217-octogenaire\/76257\">Apprendre un quotidien d\u2019octog\u00e9naire. S\u2019auto-\u00e9coformer avec les gestes matinaux<\/a><\/em>, Paris, L&rsquo;Harmattan, 2024<\/strong>.<\/p>\n\n\n\n<hr class=\"wp-block-separator has-alpha-channel-opacity\"\/>\n<\/blockquote>\n\n\n\n<div dir=\"ltr\">\n<div class=\"gmail_quote\">\n<blockquote><h3 style=\"text-align: center;\">Sortie d&rsquo;un nouvel ouvrage de Florent Pasquier :<\/h3><h4><strong><i style=\"color: initial;\">&nbsp;<a href=\"https:\/\/www.editions-harmattan.fr\/livre-un_enseignant_chercheur_en_quete_de_sens_et_de_liberte_auto_regards_sur_son_metier_au_mitan_de_la_carriere_et_de_la_vie_gaston_pineau_florent_pasquier_jean_claude_regnier-9782140348686-78100.html\" target=\"_blank\" rel=\"noopener\" data-saferedirecturl=\"https:\/\/www.google.com\/url?q=https:\/\/www.editions-harmattan.fr\/livre-un_enseignant_chercheur_en_quete_de_sens_et_de_liberte_auto_regards_sur_son_metier_au_mitan_de_la_carriere_et_de_la_vie_gaston_pineau_florent_pasquier_jean_claude_regnier-9782140348686-78100.html&amp;source=gmail&amp;ust=1696691930448000&amp;usg=AOvVaw2tkMwKydajVHuXp_rd3_o4\">Un enseignant-chercheur en<\/a><a href=\"https:\/\/www.editions-harmattan.fr\/livre-un_enseignant_chercheur_en_quete_de_sens_et_de_liberte_auto_regards_sur_son_metier_au_mitan_de_la_carriere_et_de_la_vie_gaston_pineau_florent_pasquier_jean_claude_regnier-9782140348686-78100.html\" target=\"_blank\" rel=\"noopener\" data-saferedirecturl=\"https:\/\/www.google.com\/url?q=https:\/\/www.editions-harmattan.fr\/livre-un_enseignant_chercheur_en_quete_de_sens_et_de_liberte_auto_regards_sur_son_metier_au_mitan_de_la_carriere_et_de_la_vie_gaston_pineau_florent_pasquier_jean_claude_regnier-9782140348686-78100.html&amp;source=gmail&amp;ust=1696691930448000&amp;usg=AOvVaw2tkMwKydajVHuXp_rd3_o4\">&nbsp;qu\u00eate de sens et de libert\u00e9.<\/a><a href=\"https:\/\/www.editions-harmattan.fr\/livre-un_enseignant_chercheur_en_quete_de_sens_et_de_liberte_auto_regards_sur_son_metier_au_mitan_de_la_carriere_et_de_la_vie_gaston_pineau_florent_pasquier_jean_claude_regnier-9782140348686-78100.html\" target=\"_blank\" rel=\"noopener\" data-saferedirecturl=\"https:\/\/www.google.com\/url?q=https:\/\/www.editions-harmattan.fr\/livre-un_enseignant_chercheur_en_quete_de_sens_et_de_liberte_auto_regards_sur_son_metier_au_mitan_de_la_carriere_et_de_la_vie_gaston_pineau_florent_pasquier_jean_claude_regnier-9782140348686-78100.html&amp;source=gmail&amp;ust=1696691930448000&amp;usg=AOvVaw2tkMwKydajVHuXp_rd3_o4\">&nbsp;Auto-regards sur son&nbsp;m\u00e9tier au mitan de la&nbsp;carri\u00e8re et de la vie<\/a><\/i><\/strong><span style=\"color: initial;\"><strong>, L\u2019Harmattan, 2023.<\/strong><br>\nL&rsquo;auteur d\u00e9veloppe entre autre&nbsp;la \u00ab P\u00e9dagogie int\u00e9grative, implicative et intentionnelle \u00bb (P3i) qui poursuit et actualise les p\u00e9dagogies coop\u00e9ratives et participatives de l\u2019\u00c9cole Nouvelle et qui int\u00e8gre les outils num\u00e9riques dans ses pratiques.<\/span><\/h4><\/blockquote>\n<\/div>\n<\/div>\n\n\n\n<blockquote class=\"wp-block-quote is-layout-flow wp-block-quote-is-layout-flow\">\n<hr class=\"wp-block-separator has-alpha-channel-opacity\"\/>\n\n\n\n<h3 class=\"wp-block-heading has-medium-font-size\">La <em>journal des chercheurs<\/em> organise un d\u00e9bat en visioconf\u00e9rence<br>\nle mardi 6 juin 2023 de 19h \u00e0 20h30<\/h3>\n\n\n\n<h2 class=\"wp-block-heading\"><strong>Th\u00e8me : <a href=\"http:\/\/lllearning.free-h.net\/GRAF\/?p=2082\">Perspective de spiritualit\u00e9 la\u00efque<\/a><\/strong><\/h2>\n\n\n\n<h3 class=\"wp-block-heading\">_________________<\/h3>\n\n\n\n<h3 class=\"wp-block-heading\">Appel \u00e0 contribution pour le<\/h3>\n\n\n\n<h3 class=\"wp-block-heading\">num\u00e9ro 68 de la revue <a href=\"http:\/\/lllearning.free-h.net\/GRAF\/?page_id=1901\">Pratiques de formation\/Analyses<\/a>,<\/h3>\n\n\n\n<h2 class=\"wp-block-heading\">\u00ab\u00a0L&rsquo;\u00e9ducation sentimentale tout au long de la vie\u00a0\u00bb,<\/h2>\n\n\n\n<h3 class=\"wp-block-heading\">pour une parution pr\u00e9vue en janvier 2024.<\/h3>\n\n\n\n<h3 class=\"wp-block-heading\"><span style=\"font-size: 15.21px;\">Les projets d&rsquo;articles classiques et autres contributions (quelques paragraphes, une page maximum)<\/span><\/h3>\n\n\n\n<h3 class=\"wp-block-heading\"><span style=\"font-size: 15.21px;\">devront nous parvenir avant le 30 octobre 2022, en utilisant l&rsquo;adresse :<\/span><\/h3>\n\n\n\n<h3 class=\"wp-block-heading\"><span style=\"font-size: 15.21px;\">education.sentimentale.pfa@gmail.com (ajouter en copie : jeremy.ianni.philippines@gmail.com).<\/span><\/h3>\n\n\n\n<p class=\"has-text-align-center\"><strong><span style=\"font-size: 15.21px;\"><a href=\"http:\/\/lllearning.free-h.net\/A-GRAF\/Textes\/PFA%20Appel%20%C3%89ducation%20sentimentale%20tout%20au%20long%20de%20la%20vie.pdf\">Texte de l&rsquo;appel<\/a> &#8211; <a href=\"http:\/\/lllearning.free-h.net\/A-GRAF\/Textes\/PFA%20-%20Consignes%20aux%20auteurs%20et%20autrices%20avril22.pdf\">Consignes<\/a><\/span><\/strong><\/p>\n\n\n\n<h2 class=\"wp-block-heading\"><strong><em>9<sup>\u00e8me<\/sup> Colloque International sur l\u2019Autoformation <\/em><\/strong><\/h2>\n\n\n\n<h4 class=\"wp-block-heading\">UCO-Angers (France) \u2013 26-28 octobre 2016<\/h4>\n\n\n\n<h2 class=\"wp-block-heading\"><strong>9th International Self-Learning Congress<\/strong><\/h2>\n\n\n\n<h4 class=\"wp-block-heading\"><em>UCO-Angers (France) \u2013 October 2016, 26.-28.<\/em><\/h4>\n\n\n\n<h1 class=\"wp-block-heading\"><strong>Apprendre ensemble dans la soci\u00e9t\u00e9 de l\u2019acc\u00e9l\u00e9ration.<\/strong><\/h1>\n\n\n\n<h3 class=\"wp-block-heading\">Questions pour l\u2019\u00e9ducation, le travail et la sant\u00e9.<\/h3>\n\n\n\n<h4 class=\"wp-block-heading\"><a href=\"http:\/\/www.colloqueautoformationangers2016.com\/\" target=\"_blank\" rel=\"noopener\">http:\/\/www.colloqueautoformationangers2016.com\/<\/a><\/h4>\n\n\n\n<h1 class=\"wp-block-heading\"><strong><em>Learn Together into Acceleration\u2019s Society.<\/em><\/strong><\/h1>\n\n\n\n<h3 class=\"wp-block-heading\">Questions to Education, Work and Health.<br>\n<a href=\"http:\/\/www.congress-selflearning-angers2016.com\/\" target=\"_blank\" rel=\"noopener\">http:\/\/www.congress-selflearning-angers2016.com\/<\/a><\/h3>\n<\/blockquote>\n\n\n\n<blockquote class=\"wp-block-quote is-layout-flow wp-block-quote-is-layout-flow\">\n<h1 class=\"wp-block-heading\">* * *<\/h1>\n<\/blockquote>\n\n\n\n<h3 class=\"wp-block-heading\">Apprendre par soi-m\u00eame \u00e0 tous les \u00e2ges de la vie adulte\u2026<\/h3>\n\n\n\n<h4 class=\"wp-block-heading\"><a href=\"http:\/\/lllearning.free-h.net\/GRAF\/?p=1695\" target=\"_blank\" rel=\"noopener\"><strong>8\u00e8me colloque international sur l&rsquo;autoformation<\/strong><\/a><\/h4>\n\n\n\n<h4 class=\"wp-block-heading\"><strong>Strasbourg les 29,30 et 31 octobre 2014<\/strong><\/h4>\n\n\n\n<blockquote class=\"wp-block-quote is-layout-flow wp-block-quote-is-layout-flow\">\n<div id=\"_mcePaste\" style=\"position: absolute; left: -10000px; top: 427px; width: 1px; height: 1px; overflow: hidden; text-align: center;\">\n<p class=\"ListParagraph\" style=\"text-indent: -18.0pt; mso-list: l9 level1 lfo20;\"><span style=\"font-size: 20.0pt; mso-bidi-font-size: 12.0pt; font-family: Symbol;\">\u00b7 <\/span><span style=\"font-size: 20.0pt; mso-bidi-font-size: 12.0pt;\">Acc\u00e9der \u00e0 des informations sur l\u2019autoformation, son histoire, ses concepts, <\/span><\/p>\n<p class=\"ListParagraph\" style=\"text-indent: -18.0pt; mso-list: l9 level1 lfo20;\"><span style=\"font-size: 20.0pt; mso-bidi-font-size: 12.0pt; font-family: Symbol;\">\u00b7 <\/span><span style=\"font-size: 20.0pt; mso-bidi-font-size: 12.0pt;\">\u00catre inform\u00e9 sur les activit\u00e9s du Groupe de recherche sur l\u2019autoformation et y participer <\/span><\/p>\n<p><span style=\"font-size: 20.0pt; mso-bidi-font-size: 12.0pt; font-family: Garamond; mso-fareast-font-family: &amp;amp; amp; mso-bidi-font-family: &amp;amp; amp; mso-ansi-language: FR; mso-fareast-language: EN-US; mso-bidi-language: AR-SA;\">Poser des questions, d\u00e9battre, tisser des partenariats<\/span><\/p>\n<hr>\n<\/div>\n<\/blockquote>\n","protected":false},"excerpt":{"rendered":"\n<p class=\"has-text-align-right\">(L&rsquo;ancien&nbsp; Site de l&rsquo;A-Graf)<\/p>\n<p> Le monde de l&rsquo;autoformation &#8230; une histoire &#8230; des pratiques &#8230; des recherches &#8230; de l&rsquo;actualit\u00e9 <\/p>\n<p class=\"has-text-align-left\">L\u2019autoformation est \u00e0 la mesure de la ma\u00eetrise que nous exer\u00e7ons sur notre propre formation. C\u2019est un des faits majeurs de nos soci\u00e9t\u00e9s contemporaines o\u00f9 la connaissance devient un enjeu central. L\u2019autoformation [&#8230;]<\/p>\n","protected":false},"author":2,"featured_media":1278,"parent":0,"menu_order":0,"comment_status":"open","ping_status":"open","template":"","meta":{"footnotes":""},"class_list":["post-721","page","type-page","status-publish","has-post-thumbnail","hentry","odd"],"_links":{"self":[{"href":"https:\/\/cis-h.fr\/AGRAF\/wp-json\/wp\/v2\/pages\/721","targetHints":{"allow":["GET"]}}],"collection":[{"href":"https:\/\/cis-h.fr\/AGRAF\/wp-json\/wp\/v2\/pages"}],"about":[{"href":"https:\/\/cis-h.fr\/AGRAF\/wp-json\/wp\/v2\/types\/page"}],"author":[{"embeddable":true,"href":"https:\/\/cis-h.fr\/AGRAF\/wp-json\/wp\/v2\/users\/2"}],"replies":[{"embeddable":true,"href":"https:\/\/cis-h.fr\/AGRAF\/wp-json\/wp\/v2\/comments?post=721"}],"version-history":[{"count":21,"href":"https:\/\/cis-h.fr\/AGRAF\/wp-json\/wp\/v2\/pages\/721\/revisions"}],"predecessor-version":[{"id":2136,"href":"https:\/\/cis-h.fr\/AGRAF\/wp-json\/wp\/v2\/pages\/721\/revisions\/2136"}],"wp:featuredmedia":[{"embeddable":true,"href":"https:\/\/cis-h.fr\/AGRAF\/wp-json\/"}],"wp:attachment":[{"href":"https:\/\/cis-h.fr\/AGRAF\/wp-json\/wp\/v2\/media?parent=721"}],"curies":[{"name":"wp","href":"https:\/\/api.w.org\/{rel}","templated":true}]}}